{"id":9293,"date":"2017-08-02T13:12:49","date_gmt":"2017-08-02T18:12:49","guid":{"rendered":"https:\/\/jotapardo.com\/jota-pardo-wedding-photographer-in-medellin-colombia\/"},"modified":"2026-02-10T14:56:47","modified_gmt":"2026-02-10T19:56:47","slug":"jota-pardo-wedding-photographer-in-medellin-colombia","status":"publish","type":"page","link":"https:\/\/jotapardo.com\/es\/jota-pardo-wedding-photographer-in-medellin-colombia\/","title":{"rendered":"ABOUT ME"},"content":{"rendered":"\n<figure class=\"wp-block-audio\"><audio controls src=\"https:\/\/static1.squarespace.com\/static\/55f1a98ee4b03795c2a4aac7\/t\/5cfe66c8e2127c000150f1bb\/1560176382092\/Jorja+Smith+-+Carry+Me+Home+Feat.+Maverick+Sabre.mp3\/original\/Jorja+Smith+-+Carry+Me+Home+Feat.+Maverick+Sabre.mp3\"><\/audio><\/figure>\n\n\n\n<h2 class=\"wp-block-heading\">Let&#8217;s enjoy your wedding!<\/h2>\n\n\n\n<p>Well, I guess ultimately I don&#8217;t want to be another fish in the sea. I do not want you to choose me because I am a photographer within your budget. I want you to LOVE my work and to like me as a person. I want to work with people with whom I will be friends.<\/p>\n\n\n\n<p>So let&#8217;s be friends \ud83d\ude42 From here, you can see my <a href=\"https:\/\/jotapardo.com\/blog-adventist-wedding-photographer\/\">blog <\/a>or read my <a href=\"https:\/\/jotapardo.com\/preguntas-frecuentes-faq\/\" class=\"ek-link\">Frequently Asked Questions<\/a>.<\/p>\n\n\n\n<div style=\"height:100px\" aria-hidden=\"true\" class=\"wp-block-spacer\"><\/div>\n\n\n\n<h2 class=\"wp-block-heading\">Awards&#8230;<\/h2>\n\n\n\n<div class=\"wp-block-columns is-layout-flex wp-container-core-columns-is-layout-9d6595d7 wp-block-columns-is-layout-flex\">\n<div class=\"wp-block-column is-layout-flow wp-block-column-is-layout-flow\">\n<div id=\"wp-ratedWA\">\n    <a target=\"_blank\" href=\"https:\/\/www.matrimonio.com.co\/fotografos-matrimonio\/jota-pardo-wedding-photographer--e113131\" rel=\"nofollow noopener\" title=\"Jota Pardo Wedding Photographer, ganador Wedding Awards 2021 Matrimonio.com.co\">\n        <img decoding=\"async\" width=\"125\" height=\"125\" alt=\"Jota Pardo Wedding Photographer, ganador Wedding Awards 2020 Matrimonio.com.co\" id=\"wp-ratedWA-img-2020\" data-src=\"https:\/\/cdn1.matrimonio.com.co\/img\/badges\/2020\/badge-weddingawards_es_CO.jpg\" src=\"data:image\/svg+xml;base64,PHN2ZyB3aWR0aD0iMSIgaGVpZ2h0PSIxIiB4bWxucz0iaHR0cDovL3d3dy53My5vcmcvMjAwMC9zdmciPjwvc3ZnPg==\" class=\"lazyload\" style=\"--smush-placeholder-width: 125px; --smush-placeholder-aspect-ratio: 125\/125;\">\n    <\/a>\n<\/div>\n<script type=\"text\/javascript\" src=\"https:\/\/cdn1.matrimonio.com.co\/_js\/wp-rated.js?v=4\"><\/script>\n<script>wpShowRatedWAv3('113131','2020');<\/script>\n<\/div>\n\n\n\n<div class=\"wp-block-column is-layout-flow wp-block-column-is-layout-flow\">\n<div id=\"wp-ratedWA\">\n    <a target=\"_blank\" href=\"https:\/\/www.matrimonio.com.co\/fotografos-matrimonio\/jota-pardo-wedding-photographer--e113131\" title=\"Jota Pardo Wedding Photographer, ganador Wedding Awards 2020 Matrimonio.com.co\" rel=\"noopener noreferrer\">\n        <img decoding=\"async\" width=\"125\" height=\"125\" alt=\"Jota Pardo Wedding Photographer, ganador Wedding Awards 2021 Matrimonio.com.co\" id=\"wp-ratedWA-img-2021\" data-src=\"https:\/\/cdn1.matrimonio.com.co\/img\/badges\/2021\/badge-weddingawards_es_CO.jpg\" src=\"data:image\/svg+xml;base64,PHN2ZyB3aWR0aD0iMSIgaGVpZ2h0PSIxIiB4bWxucz0iaHR0cDovL3d3dy53My5vcmcvMjAwMC9zdmciPjwvc3ZnPg==\" class=\"lazyload\" style=\"--smush-placeholder-width: 125px; --smush-placeholder-aspect-ratio: 125\/125;\">\n    <\/a>\n<\/div>\n<script type=\"text\/javascript\" src=\"https:\/\/cdn1.matrimonio.com.co\/_js\/wp-rated.js?v=4\"><\/script>\n<script>wpShowRatedWAv3('113131','2021');<\/script>\n<\/div>\n\n\n\n<div class=\"wp-block-column is-vertically-aligned-top is-layout-flow wp-block-column-is-layout-flow\">\n<div id=\"wp-ratedWA\">\n    <a target=\"_blank\" href=\"https:\/\/www.matrimonio.com.co\/fotografos-matrimonio\/jota-pardo-wedding-photographer--e113131\" rel=\"nofollow noopener\" title=\"Jota Pardo Wedding Photographer, ganador Wedding Awards 2022 Matrimonio.com.co\">\n        <img decoding=\"async\" width=\"125\" height=\"125\" alt=\"Jota Pardo Wedding Photographer, ganador Wedding Awards 2022 Matrimonio.com.co\" id=\"wp-ratedWA-img-2022\" data-src=\"https:\/\/cdn1.matrimonio.com.co\/img\/badges\/2022\/badge-weddingawards_es_CO.jpg\" src=\"data:image\/svg+xml;base64,PHN2ZyB3aWR0aD0iMSIgaGVpZ2h0PSIxIiB4bWxucz0iaHR0cDovL3d3dy53My5vcmcvMjAwMC9zdmciPjwvc3ZnPg==\" class=\"lazyload\" style=\"--smush-placeholder-width: 125px; --smush-placeholder-aspect-ratio: 125\/125;\">\n    <\/a>\n<\/div>\n<script type=\"text\/javascript\" src=\"https:\/\/cdn1.matrimonio.com.co\/_js\/wp-rated.js?v=4\"><\/script>\n<script>wpShowRatedWAv3('113131','2022');<\/script>\n<\/div>\n\n\n\n<div class=\"wp-block-column is-layout-flow wp-block-column-is-layout-flow\">\n<div id=\"wp-ratedWA\">\n    <a target=\"_blank\" href=\"https:\/\/www.matrimonio.com.co\/fotografos-matrimonio\/jota-pardo-wedding-photographer--e113131\" rel=\"nofollow noopener\" title=\"Jota Pardo Wedding Photographer, ganador Wedding Awards 2023 Matrimonio.com.co\">\n        <img decoding=\"async\" width=\"125\" height=\"125\" alt=\"Jota Pardo Wedding Photographer, ganador Wedding Awards 2023 Matrimonio.com.co\" id=\"wp-ratedWA-img-2023\" data-src=\"https:\/\/cdn1.matrimonio.com.co\/img\/badges\/2023\/badge-weddingawards_es_CO.jpg\" src=\"data:image\/svg+xml;base64,PHN2ZyB3aWR0aD0iMSIgaGVpZ2h0PSIxIiB4bWxucz0iaHR0cDovL3d3dy53My5vcmcvMjAwMC9zdmciPjwvc3ZnPg==\" class=\"lazyload\" style=\"--smush-placeholder-width: 125px; --smush-placeholder-aspect-ratio: 125\/125;\">\n    <\/a>\n<\/div>\n<script type=\"text\/javascript\" src=\"https:\/\/cdn1.matrimonio.com.co\/_js\/wp-rated.js?v=4\"><\/script>\n<script>wpShowRatedWAv3('113131','2023');<\/script>\n<\/div>\n\n\n\n<div class=\"wp-block-column is-layout-flow wp-block-column-is-layout-flow\">\n<div id=\"wp-ratedWA\">\n    <a target=\"_blank\" href=\"https:\/\/www.matrimonio.com.co\/fotografos-matrimonio\/jota-pardo-wedding-photographer--e113131\" rel=\"nofollow noopener\" title=\"Jota Pardo Wedding Photographer, ganador Wedding Awards 2024 Matrimonio.com.co\">\n        <img decoding=\"async\" width=\"125\" height=\"125\" alt=\"Jota Pardo Wedding Photographer, ganador Wedding Awards 2024 Matrimonio.com.co\" id=\"wp-ratedWA-img-2024\" data-src=\"https:\/\/cdn1.matrimonio.com.co\/img\/badges\/2024\/badge-weddingawards_es_CO.jpg\" src=\"data:image\/svg+xml;base64,PHN2ZyB3aWR0aD0iMSIgaGVpZ2h0PSIxIiB4bWxucz0iaHR0cDovL3d3dy53My5vcmcvMjAwMC9zdmciPjwvc3ZnPg==\" class=\"lazyload\" style=\"--smush-placeholder-width: 125px; --smush-placeholder-aspect-ratio: 125\/125;\">\n    <\/a>\n<\/div>\n<script type=\"text\/javascript\" src=\"https:\/\/cdn1.matrimonio.com.co\/_js\/wp-rated.js?v=4\"><\/script>\n<script>wpShowRatedWAv3('113131','2024');<\/script>\n<\/div>\n\n\n\n<div class=\"wp-block-column is-layout-flow wp-block-column-is-layout-flow\">\n<div id=\"wp-ratedWA\">\n    <a target=\"_blank\" href=\"https:\/\/www.matrimonio.com.co\/fotografos-matrimonio\/jota-pardo-wedding-photographer--e113131\" rel=\"nofollow noopener\" title=\"Jota Pardo Wedding Photographer, ganador Wedding Awards 2025 Matrimonio.com.co\">\n        <img decoding=\"async\" width=\"125\" height=\"125\" alt=\"Jota Pardo Wedding Photographer, ganador Wedding Awards 2025 Matrimonio.com.co\" id=\"wp-ratedWA-img-2025\" data-src=\"https:\/\/cdn1.matrimonio.com.co\/img\/badges\/2025\/badge-weddingawards_es_CO.jpg\" src=\"data:image\/svg+xml;base64,PHN2ZyB3aWR0aD0iMSIgaGVpZ2h0PSIxIiB4bWxucz0iaHR0cDovL3d3dy53My5vcmcvMjAwMC9zdmciPjwvc3ZnPg==\" class=\"lazyload\" style=\"--smush-placeholder-width: 125px; --smush-placeholder-aspect-ratio: 125\/125;\">\n    <\/a>\n<\/div>\n<script type=\"text\/javascript\" src=\"https:\/\/cdn1.matrimonio.com.co\/_js\/wp-rated.js?v=4\"><\/script>\n<script>wpShowRatedWAv3('113131','2025');<\/script>\n<\/div>\n<\/div>\n\n\n\n<div class=\"fb-like\" data-share=\"true\" data-width=\"450\" data-show-faces=\"true\">\n<\/div>\n\n\n\n<p class=\"has-text-color has-small-font-size\" style=\"color:#f6f4ef\"><\/p>\n","protected":false},"excerpt":{"rendered":"<p>Let&#8217;s enjoy your wedding! Well, I guess ultimately I don&#8217;t want to be another fish in the sea. I do not want you to choose me because I am a photographer within your budget. I want you to LOVE my work and to like me as a person. I want to work with people with [&hellip;]<\/p>\n","protected":false},"author":1,"featured_media":10195,"parent":0,"menu_order":0,"comment_status":"closed","ping_status":"closed","template":"","meta":{"_joinchat":[],"footnotes":""},"class_list":["post-9293","page","type-page","status-publish","has-post-thumbnail"],"yoast_head":"<!-- This site is optimized with the Yoast SEO plugin v27.4 - https:\/\/yoast.com\/product\/yoast-seo-wordpress\/ -->\n<title>ABOUT ME | Wedding Photographer in Colombia - Jota Pardo<\/title>\n<meta name=\"description\" content=\"Wedding photographer in Medell\u00edn Colombia | Fot\u00f3grafo de bodas Medell\u00edn | Fot\u00f3grafo de bodas Colombia | Bodas Adventistas | J Pardo | JPardo\" \/>\n<meta name=\"robots\" content=\"index, follow, max-snippet:-1, max-image-preview:large, max-video-preview:-1\" \/>\n<link rel=\"canonical\" href=\"https:\/\/jotapardo.com\/es\/jota-pardo-wedding-photographer-in-medellin-colombia\/\" \/>\n<meta property=\"og:locale\" content=\"es_ES\" \/>\n<meta property=\"og:type\" content=\"article\" \/>\n<meta property=\"og:title\" content=\"ABOUT ME | Wedding Photographer in Colombia - Jota Pardo\" \/>\n<meta property=\"og:description\" content=\"Wedding photographer in Medell\u00edn Colombia | Fot\u00f3grafo de bodas Medell\u00edn | Fot\u00f3grafo de bodas Colombia | Bodas Adventistas | J Pardo | JPardo\" \/>\n<meta property=\"og:url\" content=\"https:\/\/jotapardo.com\/es\/jota-pardo-wedding-photographer-in-medellin-colombia\/\" \/>\n<meta property=\"og:site_name\" content=\"Mejores fot\u00f3grafos de Bodas en Medell\u00edn, Destination Wedding Photographer, Elopement Weddings Colombia Medellin, Best wedding photographer in Medellin, Cartagena, Bogot\u00e1, Santa Marta. Bodas Adventistas, Bodas Cristianas, Fot\u00f3grafo de matrimonios, Adventist Wedding Photographer\" \/>\n<meta property=\"article:publisher\" content=\"https:\/\/www.facebook.com\/JotaPardoPhoto\" \/>\n<meta property=\"article:modified_time\" content=\"2026-02-10T19:56:47+00:00\" \/>\n<meta property=\"og:image\" content=\"https:\/\/jotapardo.com\/wp-content\/uploads\/Jota-retrato-1.jpg\" \/>\n\t<meta property=\"og:image:width\" content=\"1861\" \/>\n\t<meta property=\"og:image:height\" content=\"1861\" \/>\n\t<meta property=\"og:image:type\" content=\"image\/jpeg\" \/>\n<meta name=\"twitter:card\" content=\"summary_large_image\" \/>\n<meta name=\"twitter:site\" content=\"@jotapardophoto\" \/>\n<meta name=\"twitter:label1\" content=\"Tiempo de lectura\" \/>\n\t<meta name=\"twitter:data1\" content=\"2 minutos\" \/>\n<script type=\"application\/ld+json\" class=\"yoast-schema-graph\">{\"@context\":\"https:\\\/\\\/schema.org\",\"@graph\":[{\"@type\":\"WebPage\",\"@id\":\"https:\\\/\\\/jotapardo.com\\\/es\\\/jota-pardo-wedding-photographer-in-medellin-colombia\\\/\",\"url\":\"https:\\\/\\\/jotapardo.com\\\/es\\\/jota-pardo-wedding-photographer-in-medellin-colombia\\\/\",\"name\":\"ABOUT ME | Wedding Photographer in Colombia - Jota Pardo\",\"isPartOf\":{\"@id\":\"https:\\\/\\\/jotapardo.com\\\/#website\"},\"primaryImageOfPage\":{\"@id\":\"https:\\\/\\\/jotapardo.com\\\/es\\\/jota-pardo-wedding-photographer-in-medellin-colombia\\\/#primaryimage\"},\"image\":{\"@id\":\"https:\\\/\\\/jotapardo.com\\\/es\\\/jota-pardo-wedding-photographer-in-medellin-colombia\\\/#primaryimage\"},\"thumbnailUrl\":\"https:\\\/\\\/jotapardo.com\\\/wp-content\\\/uploads\\\/Jota-retrato-1.jpg\",\"datePublished\":\"2017-08-02T18:12:49+00:00\",\"dateModified\":\"2026-02-10T19:56:47+00:00\",\"description\":\"Wedding photographer in Medell\u00edn Colombia | Fot\u00f3grafo de bodas Medell\u00edn | Fot\u00f3grafo de bodas Colombia | Bodas Adventistas | J Pardo | JPardo\",\"breadcrumb\":{\"@id\":\"https:\\\/\\\/jotapardo.com\\\/es\\\/jota-pardo-wedding-photographer-in-medellin-colombia\\\/#breadcrumb\"},\"inLanguage\":\"es\",\"potentialAction\":[{\"@type\":\"ReadAction\",\"target\":[\"https:\\\/\\\/jotapardo.com\\\/es\\\/jota-pardo-wedding-photographer-in-medellin-colombia\\\/\"]}]},{\"@type\":\"ImageObject\",\"inLanguage\":\"es\",\"@id\":\"https:\\\/\\\/jotapardo.com\\\/es\\\/jota-pardo-wedding-photographer-in-medellin-colombia\\\/#primaryimage\",\"url\":\"https:\\\/\\\/jotapardo.com\\\/wp-content\\\/uploads\\\/Jota-retrato-1.jpg\",\"contentUrl\":\"https:\\\/\\\/jotapardo.com\\\/wp-content\\\/uploads\\\/Jota-retrato-1.jpg\",\"width\":1861,\"height\":1861},{\"@type\":\"BreadcrumbList\",\"@id\":\"https:\\\/\\\/jotapardo.com\\\/es\\\/jota-pardo-wedding-photographer-in-medellin-colombia\\\/#breadcrumb\",\"itemListElement\":[{\"@type\":\"ListItem\",\"position\":1,\"name\":\"Home\",\"item\":\"https:\\\/\\\/jotapardo.com\\\/es\\\/\"},{\"@type\":\"ListItem\",\"position\":2,\"name\":\"ABOUT ME\"}]},{\"@type\":\"WebSite\",\"@id\":\"https:\\\/\\\/jotapardo.com\\\/#website\",\"url\":\"https:\\\/\\\/jotapardo.com\\\/\",\"name\":\"Mejores fot\u00f3grafos de Bodas en Medell\u00edn, Destination Wedding Photographer, Elopement Weddings Colombia Medellin, Best wedding photographer in Medellin, Cartagena, Bogot\u00e1, Santa Marta. Bodas Adventistas, Bodas Cristianas, Fot\u00f3grafo de matrimonios, Adventist Wedding Photographer\",\"description\":\"Luxury Wedding Photography in Colombia | Jota Pardo\",\"publisher\":{\"@id\":\"https:\\\/\\\/jotapardo.com\\\/#\\\/schema\\\/person\\\/b096f1d12b61720da2fa9f8099c497ee\"},\"alternateName\":\"Jota Pardo Wedding Photographer in Colombia\",\"potentialAction\":[{\"@type\":\"SearchAction\",\"target\":{\"@type\":\"EntryPoint\",\"urlTemplate\":\"https:\\\/\\\/jotapardo.com\\\/?s={search_term_string}\"},\"query-input\":{\"@type\":\"PropertyValueSpecification\",\"valueRequired\":true,\"valueName\":\"search_term_string\"}}],\"inLanguage\":\"es\"},{\"@type\":[\"Person\",\"Organization\"],\"@id\":\"https:\\\/\\\/jotapardo.com\\\/#\\\/schema\\\/person\\\/b096f1d12b61720da2fa9f8099c497ee\",\"name\":\"Jota Pardo\",\"image\":{\"@type\":\"ImageObject\",\"inLanguage\":\"es\",\"@id\":\"https:\\\/\\\/jotapardo.com\\\/wp-content\\\/uploads\\\/Best-Wedding-Photographer-Medellin-Elopement-Colombia-Destination-wedding-photographer-gray.png\",\"url\":\"https:\\\/\\\/jotapardo.com\\\/wp-content\\\/uploads\\\/Best-Wedding-Photographer-Medellin-Elopement-Colombia-Destination-wedding-photographer-gray.png\",\"contentUrl\":\"https:\\\/\\\/jotapardo.com\\\/wp-content\\\/uploads\\\/Best-Wedding-Photographer-Medellin-Elopement-Colombia-Destination-wedding-photographer-gray.png\",\"width\":162,\"height\":96,\"caption\":\"Jota Pardo\"},\"logo\":{\"@id\":\"https:\\\/\\\/jotapardo.com\\\/wp-content\\\/uploads\\\/Best-Wedding-Photographer-Medellin-Elopement-Colombia-Destination-wedding-photographer-gray.png\"},\"description\":\"Fot\u00f3grafo de bodas en Medell\u00edn a trav\u00e9s de la marca Jota Pardo Wedding Photographer. Cuento con m\u00e1s de 6 a\u00f1os realizando bodas a nivel nacional e internacional. Me especializo en bodas Adventistas principalmente. \\\/ Wedding photographer based in Medellin. I have more than 5 years photographing weddings nationally and internationally. I mainly specialize in Adventist weddings.\",\"sameAs\":[\"http:\\\/\\\/www.jotapardo.com\",\"https:\\\/\\\/www.facebook.com\\\/JotaPardoPhoto\",\"https:\\\/\\\/instagram.com\\\/jotapardophoto\",\"https:\\\/\\\/x.com\\\/jotapardophoto\",\"UCslD7AdLqjl39CNH7rt1YyA\"]}]}<\/script>\n<!-- \/ Yoast SEO plugin. -->","yoast_head_json":{"title":"ABOUT ME | Wedding Photographer in Colombia - Jota Pardo","description":"Wedding photographer in Medell\u00edn Colombia | Fot\u00f3grafo de bodas Medell\u00edn | Fot\u00f3grafo de bodas Colombia | Bodas Adventistas | J Pardo | JPardo","robots":{"index":"index","follow":"follow","max-snippet":"max-snippet:-1","max-image-preview":"max-image-preview:large","max-video-preview":"max-video-preview:-1"},"canonical":"https:\/\/jotapardo.com\/es\/jota-pardo-wedding-photographer-in-medellin-colombia\/","og_locale":"es_ES","og_type":"article","og_title":"ABOUT ME | Wedding Photographer in Colombia - Jota Pardo","og_description":"Wedding photographer in Medell\u00edn Colombia | Fot\u00f3grafo de bodas Medell\u00edn | Fot\u00f3grafo de bodas Colombia | Bodas Adventistas | J Pardo | JPardo","og_url":"https:\/\/jotapardo.com\/es\/jota-pardo-wedding-photographer-in-medellin-colombia\/","og_site_name":"Mejores fot\u00f3grafos de Bodas en Medell\u00edn, Destination Wedding Photographer, Elopement Weddings Colombia Medellin, Best wedding photographer in Medellin, Cartagena, Bogot\u00e1, Santa Marta. Bodas Adventistas, Bodas Cristianas, Fot\u00f3grafo de matrimonios, Adventist Wedding Photographer","article_publisher":"https:\/\/www.facebook.com\/JotaPardoPhoto","article_modified_time":"2026-02-10T19:56:47+00:00","og_image":[{"width":1861,"height":1861,"url":"https:\/\/jotapardo.com\/wp-content\/uploads\/Jota-retrato-1.jpg","type":"image\/jpeg"}],"twitter_card":"summary_large_image","twitter_site":"@jotapardophoto","twitter_misc":{"Tiempo de lectura":"2 minutos"},"schema":{"@context":"https:\/\/schema.org","@graph":[{"@type":"WebPage","@id":"https:\/\/jotapardo.com\/es\/jota-pardo-wedding-photographer-in-medellin-colombia\/","url":"https:\/\/jotapardo.com\/es\/jota-pardo-wedding-photographer-in-medellin-colombia\/","name":"ABOUT ME | Wedding Photographer in Colombia - Jota Pardo","isPartOf":{"@id":"https:\/\/jotapardo.com\/#website"},"primaryImageOfPage":{"@id":"https:\/\/jotapardo.com\/es\/jota-pardo-wedding-photographer-in-medellin-colombia\/#primaryimage"},"image":{"@id":"https:\/\/jotapardo.com\/es\/jota-pardo-wedding-photographer-in-medellin-colombia\/#primaryimage"},"thumbnailUrl":"https:\/\/jotapardo.com\/wp-content\/uploads\/Jota-retrato-1.jpg","datePublished":"2017-08-02T18:12:49+00:00","dateModified":"2026-02-10T19:56:47+00:00","description":"Wedding photographer in Medell\u00edn Colombia | Fot\u00f3grafo de bodas Medell\u00edn | Fot\u00f3grafo de bodas Colombia | Bodas Adventistas | J Pardo | JPardo","breadcrumb":{"@id":"https:\/\/jotapardo.com\/es\/jota-pardo-wedding-photographer-in-medellin-colombia\/#breadcrumb"},"inLanguage":"es","potentialAction":[{"@type":"ReadAction","target":["https:\/\/jotapardo.com\/es\/jota-pardo-wedding-photographer-in-medellin-colombia\/"]}]},{"@type":"ImageObject","inLanguage":"es","@id":"https:\/\/jotapardo.com\/es\/jota-pardo-wedding-photographer-in-medellin-colombia\/#primaryimage","url":"https:\/\/jotapardo.com\/wp-content\/uploads\/Jota-retrato-1.jpg","contentUrl":"https:\/\/jotapardo.com\/wp-content\/uploads\/Jota-retrato-1.jpg","width":1861,"height":1861},{"@type":"BreadcrumbList","@id":"https:\/\/jotapardo.com\/es\/jota-pardo-wedding-photographer-in-medellin-colombia\/#breadcrumb","itemListElement":[{"@type":"ListItem","position":1,"name":"Home","item":"https:\/\/jotapardo.com\/es\/"},{"@type":"ListItem","position":2,"name":"ABOUT ME"}]},{"@type":"WebSite","@id":"https:\/\/jotapardo.com\/#website","url":"https:\/\/jotapardo.com\/","name":"Mejores fot\u00f3grafos de Bodas en Medell\u00edn, Destination Wedding Photographer, Elopement Weddings Colombia Medellin, Best wedding photographer in Medellin, Cartagena, Bogot\u00e1, Santa Marta. Bodas Adventistas, Bodas Cristianas, Fot\u00f3grafo de matrimonios, Adventist Wedding Photographer","description":"Luxury Wedding Photography in Colombia | Jota Pardo","publisher":{"@id":"https:\/\/jotapardo.com\/#\/schema\/person\/b096f1d12b61720da2fa9f8099c497ee"},"alternateName":"Jota Pardo Wedding Photographer in Colombia","potentialAction":[{"@type":"SearchAction","target":{"@type":"EntryPoint","urlTemplate":"https:\/\/jotapardo.com\/?s={search_term_string}"},"query-input":{"@type":"PropertyValueSpecification","valueRequired":true,"valueName":"search_term_string"}}],"inLanguage":"es"},{"@type":["Person","Organization"],"@id":"https:\/\/jotapardo.com\/#\/schema\/person\/b096f1d12b61720da2fa9f8099c497ee","name":"Jota Pardo","image":{"@type":"ImageObject","inLanguage":"es","@id":"https:\/\/jotapardo.com\/wp-content\/uploads\/Best-Wedding-Photographer-Medellin-Elopement-Colombia-Destination-wedding-photographer-gray.png","url":"https:\/\/jotapardo.com\/wp-content\/uploads\/Best-Wedding-Photographer-Medellin-Elopement-Colombia-Destination-wedding-photographer-gray.png","contentUrl":"https:\/\/jotapardo.com\/wp-content\/uploads\/Best-Wedding-Photographer-Medellin-Elopement-Colombia-Destination-wedding-photographer-gray.png","width":162,"height":96,"caption":"Jota Pardo"},"logo":{"@id":"https:\/\/jotapardo.com\/wp-content\/uploads\/Best-Wedding-Photographer-Medellin-Elopement-Colombia-Destination-wedding-photographer-gray.png"},"description":"Fot\u00f3grafo de bodas en Medell\u00edn a trav\u00e9s de la marca Jota Pardo Wedding Photographer. Cuento con m\u00e1s de 6 a\u00f1os realizando bodas a nivel nacional e internacional. Me especializo en bodas Adventistas principalmente. \/ Wedding photographer based in Medellin. I have more than 5 years photographing weddings nationally and internationally. I mainly specialize in Adventist weddings.","sameAs":["http:\/\/www.jotapardo.com","https:\/\/www.facebook.com\/JotaPardoPhoto","https:\/\/instagram.com\/jotapardophoto","https:\/\/x.com\/jotapardophoto","UCslD7AdLqjl39CNH7rt1YyA"]}]}},"_links":{"self":[{"href":"https:\/\/jotapardo.com\/es\/wp-json\/wp\/v2\/pages\/9293\/"}],"collection":[{"href":"https:\/\/jotapardo.com\/es\/wp-json\/wp\/v2\/pages\/"}],"about":[{"href":"https:\/\/jotapardo.com\/es\/wp-json\/wp\/v2\/types\/page\/"}],"author":[{"embeddable":true,"href":"https:\/\/jotapardo.com\/es\/wp-json\/wp\/v2\/users\/1\/"}],"replies":[{"embeddable":true,"href":"https:\/\/jotapardo.com\/es\/wp-json\/wp\/v2\/comments\/?post=9293"}],"version-history":[{"count":4,"href":"https:\/\/jotapardo.com\/es\/wp-json\/wp\/v2\/pages\/9293\/revisions\/"}],"predecessor-version":[{"id":10906,"href":"https:\/\/jotapardo.com\/es\/wp-json\/wp\/v2\/pages\/9293\/revisions\/10906\/"}],"wp:featuredmedia":[{"embeddable":true,"href":"https:\/\/jotapardo.com\/es\/wp-json\/wp\/v2\/media\/10195\/"}],"wp:attachment":[{"href":"https:\/\/jotapardo.com\/es\/wp-json\/wp\/v2\/media\/?parent=9293"}],"curies":[{"name":"wp","href":"https:\/\/api.w.org\/{rel}","templated":true}]}}